{"id":120258,"date":"2019-02-04T13:39:20","date_gmt":"2019-02-04T18:39:20","guid":{"rendered":"https:\/\/www.aecl.ca\/?page_id=120258"},"modified":"2025-04-01T14:44:26","modified_gmt":"2025-04-01T18:44:26","slug":"mobilisation-a-eacl","status":"publish","type":"page","link":"https:\/\/www.aecl.ca\/fr\/a-propos-deacl\/mobilisation-a-eacl\/","title":{"rendered":"Mobilisation \u00e0 EACL"},"content":{"rendered":"<p>[et_pb_section fb_built=\u00a0\u00bb1&Prime; fullwidth=\u00a0\u00bbon\u00a0\u00bb _builder_version=\u00a0\u00bb4.16&Prime; global_colors_info=\u00a0\u00bb{}\u00a0\u00bb][et_pb_fullwidth_slider show_arrows=\u00a0\u00bboff\u00a0\u00bb show_pagination=\u00a0\u00bboff\u00a0\u00bb module_class=\u00a0\u00bbwith-blue-bar\u00a0\u00bb _builder_version=\u00a0\u00bb4.27.4&Prime; global_colors_info=\u00a0\u00bb{}\u00a0\u00bb][et_pb_slide use_bg_overlay=\u00a0\u00bboff\u00a0\u00bb use_text_overlay=\u00a0\u00bboff\u00a0\u00bb _builder_version=\u00a0\u00bb4.27.4&Prime; header_level=\u00a0\u00bbh1&Prime; header_font_size=\u00a0\u00bb48&Prime; body_font_size=\u00a0\u00bb35&Prime; body_line_height=\u00a0\u00bb1.2em\u00a0\u00bb background_image=\u00a0\u00bbhttps:\/\/www.aecl.ca\/wp-content\/uploads\/2018\/11\/banner-about-aecl.jpg\u00a0\u00bb button_on_hover=\u00a0\u00bbon\u00a0\u00bb text_orientation=\u00a0\u00bbleft\u00a0\u00bb background_layout=\u00a0\u00bblight\u00a0\u00bb header_font_size_tablet=\u00a0\u00bb48&Prime; header_font_size_phone=\u00a0\u00bb33&Prime; header_font_size_last_edited=\u00a0\u00bbon|phone\u00a0\u00bb body_font_size_tablet=\u00a0\u00bb35&Prime; body_font_size_phone=\u00a0\u00bb20&Prime; body_font_size_last_edited=\u00a0\u00bbon|phone\u00a0\u00bb body_line_height_tablet=\u00a0\u00bb1.2em\u00a0\u00bb body_line_height_phone=\u00a0\u00bb1.2em\u00a0\u00bb global_colors_info=\u00a0\u00bb{}\u00a0\u00bb sticky_transition=\u00a0\u00bbon\u00a0\u00bb][\/et_pb_slide][\/et_pb_fullwidth_slider][\/et_pb_section][et_pb_section fb_built=\u00a0\u00bb1&Prime; admin_label=\u00a0\u00bbHeader Section\u00a0\u00bb _builder_version=\u00a0\u00bb4.27.4&Prime; custom_padding=\u00a0\u00bb0px||0px||false|false\u00a0\u00bb locked=\u00a0\u00bboff\u00a0\u00bb global_colors_info=\u00a0\u00bb{}\u00a0\u00bb][et_pb_row module_class=\u00a0\u00bbet_items_align_middle\u00a0\u00bb _builder_version=\u00a0\u00bb4.27.4&Prime; custom_padding=\u00a0\u00bb30px||20px||false|false\u00a0\u00bb global_colors_info=\u00a0\u00bb{}\u00a0\u00bb][et_pb_column type=\u00a0\u00bb4_4&Prime; _builder_version=\u00a0\u00bb4.27.4&Prime; custom_padding=\u00a0\u00bb|||\u00a0\u00bb global_colors_info=\u00a0\u00bb{}\u00a0\u00bb custom_padding__hover=\u00a0\u00bb|||\u00a0\u00bb][et_pb_text admin_label=\u00a0\u00bbHeader Text\u00a0\u00bb _builder_version=\u00a0\u00bb4.27.4&Prime; text_font=\u00a0\u00bbRoboto|900|||||||\u00a0\u00bb text_text_color=\u00a0\u00bb#0078d4&Prime; text_font_size=\u00a0\u00bb20px\u00a0\u00bb text_line_height=\u00a0\u00bb2em\u00a0\u00bb header_font=\u00a0\u00bbDomine||||||||\u00a0\u00bb header_2_font=\u00a0\u00bbDomine||||||||\u00a0\u00bb header_2_text_align=\u00a0\u00bbleft\u00a0\u00bb header_2_text_color=\u00a0\u00bb#0078d5&Prime; header_2_font_size=\u00a0\u00bb24px\u00a0\u00bb header_2_line_height=\u00a0\u00bb1.5em\u00a0\u00bb header_font_size_tablet=\u00a0\u00bb36px\u00a0\u00bb header_font_size_phone=\u00a0\u00bb36px\u00a0\u00bb header_font_size_last_edited=\u00a0\u00bbon|tablet\u00a0\u00bb global_colors_info=\u00a0\u00bb{}\u00a0\u00bb]\u00c0 propos d\u2019EACL<\/p>\n<h1>Mobilisation \u00e0 EACL<\/h1>\n<p>[\/et_pb_text][\/et_pb_column][\/et_pb_row][\/et_pb_section][et_pb_section fb_built=\u00a0\u00bb1&Prime; module_class=\u00a0\u00bbblue-section\u00a0\u00bb _builder_version=\u00a0\u00bb4.16&Prime; background_color=\u00a0\u00bb#012d73&Prime; custom_padding=\u00a0\u00bb30px||30px||false|false\u00a0\u00bb global_colors_info=\u00a0\u00bb{}\u00a0\u00bb][et_pb_row module_class=\u00a0\u00bbet_items_align_middle\u00a0\u00bb _builder_version=\u00a0\u00bb4.16&Prime; background_size=\u00a0\u00bbinitial\u00a0\u00bb background_position=\u00a0\u00bbtop_left\u00a0\u00bb background_repeat=\u00a0\u00bbrepeat\u00a0\u00bb custom_padding=\u00a0\u00bb0px||0px|\u00a0\u00bb global_colors_info=\u00a0\u00bb{}\u00a0\u00bb][et_pb_column type=\u00a0\u00bb4_4&Prime; _builder_version=\u00a0\u00bb4.16&Prime; custom_padding=\u00a0\u00bb|||\u00a0\u00bb global_colors_info=\u00a0\u00bb{}\u00a0\u00bb custom_padding__hover=\u00a0\u00bb|||\u00a0\u00bb][et_pb_text _builder_version=\u00a0\u00bb4.16&Prime; text_font=\u00a0\u00bbDomine||||||||\u00a0\u00bb text_text_color=\u00a0\u00bb#ffffff\u00a0\u00bb text_font_size=\u00a0\u00bb22px\u00a0\u00bb text_line_height=\u00a0\u00bb1.5em\u00a0\u00bb header_font=\u00a0\u00bbDomine||||||||\u00a0\u00bb header_2_font=\u00a0\u00bbDomine||||||||\u00a0\u00bb header_2_text_align=\u00a0\u00bbleft\u00a0\u00bb header_2_text_color=\u00a0\u00bb#0078d5&Prime; header_2_font_size=\u00a0\u00bb24px\u00a0\u00bb header_2_line_height=\u00a0\u00bb1.5em\u00a0\u00bb global_colors_info=\u00a0\u00bb{}\u00a0\u00bb]<\/p>\n<p>La participation continue des groupes autochtones et des intervenants est essentielle pour ex\u00e9cuter le mandat d&rsquo;EACL.<\/p>\n<p>[\/et_pb_text][\/et_pb_column][\/et_pb_row][\/et_pb_section][et_pb_section fb_built=\u00a0\u00bb1&Prime; _builder_version=\u00a0\u00bb4.16&Prime; global_colors_info=\u00a0\u00bb{}\u00a0\u00bb][et_pb_row _builder_version=\u00a0\u00bb4.16&Prime; background_size=\u00a0\u00bbinitial\u00a0\u00bb background_position=\u00a0\u00bbtop_left\u00a0\u00bb background_repeat=\u00a0\u00bbrepeat\u00a0\u00bb global_colors_info=\u00a0\u00bb{}\u00a0\u00bb][et_pb_column type=\u00a0\u00bb4_4&Prime; _builder_version=\u00a0\u00bb4.16&Prime; custom_padding=\u00a0\u00bb|||\u00a0\u00bb global_colors_info=\u00a0\u00bb{}\u00a0\u00bb custom_padding__hover=\u00a0\u00bb|||\u00a0\u00bb][et_pb_text _builder_version=\u00a0\u00bb4.27.4&Prime; hover_enabled=\u00a0\u00bb0&Prime; global_colors_info=\u00a0\u00bb{}\u00a0\u00bb sticky_enabled=\u00a0\u00bb0&Prime; header_2_font_size=\u00a0\u00bb28px\u00a0\u00bb]<\/p>\n<p>\u00c9nergie atomique du Canada limit\u00e9e (EACL) s&rsquo;engage \u00e0 communiquer avec les communaut\u00e9s autochtones, les intervenants, les collectivit\u00e9s locales, les gouvernements, les entreprises, les universitaires et le public afin de comprendre les points de vue, partager l&rsquo;information, discuter des questions et des pr\u00e9occupations et collaborer.<\/p>\n<p>Les activit\u00e9s de communication et d&rsquo;engagement font partie int\u00e9grante de la r\u00e9alisation du mandat d&rsquo;EACL, qui consiste \u00e0 favoriser la science et la technologie nucl\u00e9aires et \u00e0 prot\u00e9ger l&rsquo;environnement en assumant les responsabilit\u00e9s du gouvernement du Canada en mati\u00e8re de gestion des d\u00e9chets radioactifs et de d\u00e9classement.<\/p>\n<h2>R\u00e9conciliation<\/h2>\n<p>EACL reconna\u00eet que ses activit\u00e9s de science et de recherche nucl\u00e9aires ont cr\u00e9\u00e9 des mati\u00e8res et des d\u00e9chets radioactifs, et nous sommes engag\u00e9s \u00e0 nous en occuper de fa\u00e7on responsable. Nous sommes d\u00e9termin\u00e9s \u00e0 travailler en partenariat avec les communaut\u00e9s autochtones afin de reconna\u00eetre et d&rsquo;int\u00e9grer le savoir traditionnel, les c\u00e9r\u00e9monies et les pratiques culturelles et d&rsquo;intendance. Nous avons beaucoup \u00e0 apprendre les uns des autres dans la poursuite de notre objectif commun de protection de l&rsquo;environnement.<\/p>\n<p>EACL s&rsquo;efforce d&rsquo;\u00e9tablir de nouvelles relations et de renforcer les relations existantes, en reconnaissant qu&rsquo;un engagement significatif et respectueux prend du temps et que la r\u00e9conciliation est un cheminement.<\/p>\n<p>EACL s&rsquo;engage \u00e0 collaborer avec les peuples autochtones, de mani\u00e8re ouverte et coop\u00e9rative, afin de parvenir \u00e0 une compr\u00e9hension mutuelle et de d\u00e9terminer les possibilit\u00e9s d&rsquo;avantages r\u00e9ciproques.<\/p>\n<p>&nbsp;<\/p>\n<p>[\/et_pb_text][\/et_pb_column][\/et_pb_row][\/et_pb_section]<\/p>\n","protected":false},"excerpt":{"rendered":"<p>\u00c0 propos d\u2019EACL Mobilisation \u00e0 EACLLa participation continue des groupes autochtones et des intervenants est essentielle pour ex\u00e9cuter le mandat d&rsquo;EACL. \u00c9nergie atomique du Canada limit\u00e9e (EACL) s&rsquo;engage \u00e0 communiquer avec les communaut\u00e9s autochtones, les intervenants, les collectivit\u00e9s locales, les gouvernements, les entreprises, les universitaires et le public afin de comprendre les points de vue, [&hellip;]<\/p>\n","protected":false},"author":5,"featured_media":0,"parent":119741,"menu_order":0,"comment_status":"closed","ping_status":"closed","template":"","meta":{"_acf_changed":false,"_et_pb_use_builder":"on","_et_pb_old_content":"","_et_gb_content_width":"","footnotes":""},"class_list":["post-120258","page","type-page","status-publish","hentry"],"acf":[],"yoast_head":"<!-- This site is optimized with the Yoast SEO Premium plugin v27.1 (Yoast SEO v27.1.1) - https:\/\/yoast.com\/product\/yoast-seo-premium-wordpress\/ -->\n<title>Mobilisation \u00e0 EACL - EACL<\/title>\n<meta name=\"description\" content=\"La participation continue des groupes autochtones et des intervenants est essentielle pour ex\u00e9cuter le mandat d&#039;EACL.\" \/>\n<meta name=\"robots\" content=\"index, follow, max-snippet:-1, max-image-preview:large, max-video-preview:-1\" \/>\n<link rel=\"canonical\" href=\"https:\/\/www.aecl.ca\/fr\/a-propos-deacl\/mobilisation-a-eacl\/\" \/>\n<meta property=\"og:locale\" content=\"fr_FR\" \/>\n<meta property=\"og:type\" content=\"article\" \/>\n<meta property=\"og:title\" content=\"Mobilisation \u00e0 EACL\" \/>\n<meta property=\"og:description\" content=\"La participation continue des groupes autochtones et des intervenants est essentielle pour ex\u00e9cuter le mandat d&#039;EACL.\" \/>\n<meta property=\"og:url\" content=\"https:\/\/www.aecl.ca\/fr\/a-propos-deacl\/mobilisation-a-eacl\/\" \/>\n<meta property=\"og:site_name\" content=\"EACL\" \/>\n<meta property=\"article:modified_time\" content=\"2025-04-01T18:44:26+00:00\" \/>\n<meta property=\"og:image\" content=\"https:\/\/www.aecl.ca\/wp-content\/uploads\/2019\/01\/AECL-Stacked-Blue.png\" \/>\n\t<meta property=\"og:image:width\" content=\"1600\" \/>\n\t<meta property=\"og:image:height\" content=\"560\" \/>\n\t<meta property=\"og:image:type\" content=\"image\/png\" \/>\n<meta name=\"twitter:card\" content=\"summary_large_image\" \/>\n<meta name=\"twitter:site\" content=\"@AECL_EACL\" \/>\n<meta name=\"twitter:label1\" content=\"Dur\u00e9e de lecture estim\u00e9e\" \/>\n\t<meta name=\"twitter:data1\" content=\"2 minutes\" \/>\n<script type=\"application\/ld+json\" class=\"yoast-schema-graph\">{\"@context\":\"https:\/\/schema.org\",\"@graph\":[{\"@type\":\"WebPage\",\"@id\":\"https:\/\/www.aecl.ca\/fr\/a-propos-deacl\/mobilisation-a-eacl\/\",\"url\":\"https:\/\/www.aecl.ca\/fr\/a-propos-deacl\/mobilisation-a-eacl\/\",\"name\":\"Mobilisation \u00e0 EACL - EACL\",\"isPartOf\":{\"@id\":\"https:\/\/www.aecl.ca\/fr\/#website\"},\"datePublished\":\"2019-02-04T18:39:20+00:00\",\"dateModified\":\"2025-04-01T18:44:26+00:00\",\"description\":\"La participation continue des groupes autochtones et des intervenants est essentielle pour ex\u00e9cuter le mandat d'EACL.\",\"breadcrumb\":{\"@id\":\"https:\/\/www.aecl.ca\/fr\/a-propos-deacl\/mobilisation-a-eacl\/#breadcrumb\"},\"inLanguage\":\"fr-FR\",\"potentialAction\":[{\"@type\":\"ReadAction\",\"target\":[\"https:\/\/www.aecl.ca\/fr\/a-propos-deacl\/mobilisation-a-eacl\/\"]}]},{\"@type\":\"BreadcrumbList\",\"@id\":\"https:\/\/www.aecl.ca\/fr\/a-propos-deacl\/mobilisation-a-eacl\/#breadcrumb\",\"itemListElement\":[{\"@type\":\"ListItem\",\"position\":1,\"name\":\"Home\",\"item\":\"https:\/\/www.aecl.ca\/fr\/\"},{\"@type\":\"ListItem\",\"position\":2,\"name\":\"\u00c0 propos d\u2019EACL\",\"item\":\"https:\/\/www.aecl.ca\/fr\/a-propos-deacl\/\"},{\"@type\":\"ListItem\",\"position\":3,\"name\":\"Mobilisation \u00e0 EACL\"}]},{\"@type\":\"WebSite\",\"@id\":\"https:\/\/www.aecl.ca\/fr\/#website\",\"url\":\"https:\/\/www.aecl.ca\/fr\/\",\"name\":\"EACL\",\"description\":\"\u00c9nergie atomique du Canada limit\u00e9e\",\"publisher\":{\"@id\":\"https:\/\/www.aecl.ca\/fr\/#organization\"},\"potentialAction\":[{\"@type\":\"SearchAction\",\"target\":{\"@type\":\"EntryPoint\",\"urlTemplate\":\"https:\/\/www.aecl.ca\/fr\/?s={search_term_string}\"},\"query-input\":{\"@type\":\"PropertyValueSpecification\",\"valueRequired\":true,\"valueName\":\"search_term_string\"}}],\"inLanguage\":\"fr-FR\"},{\"@type\":\"Organization\",\"@id\":\"https:\/\/www.aecl.ca\/fr\/#organization\",\"name\":\"Atomic Energy Canada Limited AECL\",\"url\":\"https:\/\/www.aecl.ca\/fr\/\",\"logo\":{\"@type\":\"ImageObject\",\"inLanguage\":\"fr-FR\",\"@id\":\"https:\/\/www.aecl.ca\/fr\/#\/schema\/logo\/image\/\",\"url\":\"https:\/\/www.aecl.ca\/wp-content\/uploads\/2019\/01\/AECL-Stacked-Blue.png\",\"contentUrl\":\"https:\/\/www.aecl.ca\/wp-content\/uploads\/2019\/01\/AECL-Stacked-Blue.png\",\"width\":1600,\"height\":560,\"caption\":\"Atomic Energy Canada Limited AECL\"},\"image\":{\"@id\":\"https:\/\/www.aecl.ca\/fr\/#\/schema\/logo\/image\/\"},\"sameAs\":[\"https:\/\/x.com\/AECL_EACL\",\"https:\/\/www.linkedin.com\/company\/aecl\"]}]}<\/script>\n<!-- \/ Yoast SEO Premium plugin. -->","yoast_head_json":{"title":"Mobilisation \u00e0 EACL - EACL","description":"La participation continue des groupes autochtones et des intervenants est essentielle pour ex\u00e9cuter le mandat d'EACL.","robots":{"index":"index","follow":"follow","max-snippet":"max-snippet:-1","max-image-preview":"max-image-preview:large","max-video-preview":"max-video-preview:-1"},"canonical":"https:\/\/www.aecl.ca\/fr\/a-propos-deacl\/mobilisation-a-eacl\/","og_locale":"fr_FR","og_type":"article","og_title":"Mobilisation \u00e0 EACL","og_description":"La participation continue des groupes autochtones et des intervenants est essentielle pour ex\u00e9cuter le mandat d'EACL.","og_url":"https:\/\/www.aecl.ca\/fr\/a-propos-deacl\/mobilisation-a-eacl\/","og_site_name":"EACL","article_modified_time":"2025-04-01T18:44:26+00:00","og_image":[{"width":1600,"height":560,"url":"https:\/\/www.aecl.ca\/wp-content\/uploads\/2019\/01\/AECL-Stacked-Blue.png","type":"image\/png"}],"twitter_card":"summary_large_image","twitter_site":"@AECL_EACL","twitter_misc":{"Dur\u00e9e de lecture estim\u00e9e":"2 minutes"},"schema":{"@context":"https:\/\/schema.org","@graph":[{"@type":"WebPage","@id":"https:\/\/www.aecl.ca\/fr\/a-propos-deacl\/mobilisation-a-eacl\/","url":"https:\/\/www.aecl.ca\/fr\/a-propos-deacl\/mobilisation-a-eacl\/","name":"Mobilisation \u00e0 EACL - EACL","isPartOf":{"@id":"https:\/\/www.aecl.ca\/fr\/#website"},"datePublished":"2019-02-04T18:39:20+00:00","dateModified":"2025-04-01T18:44:26+00:00","description":"La participation continue des groupes autochtones et des intervenants est essentielle pour ex\u00e9cuter le mandat d'EACL.","breadcrumb":{"@id":"https:\/\/www.aecl.ca\/fr\/a-propos-deacl\/mobilisation-a-eacl\/#breadcrumb"},"inLanguage":"fr-FR","potentialAction":[{"@type":"ReadAction","target":["https:\/\/www.aecl.ca\/fr\/a-propos-deacl\/mobilisation-a-eacl\/"]}]},{"@type":"BreadcrumbList","@id":"https:\/\/www.aecl.ca\/fr\/a-propos-deacl\/mobilisation-a-eacl\/#breadcrumb","itemListElement":[{"@type":"ListItem","position":1,"name":"Home","item":"https:\/\/www.aecl.ca\/fr\/"},{"@type":"ListItem","position":2,"name":"\u00c0 propos d\u2019EACL","item":"https:\/\/www.aecl.ca\/fr\/a-propos-deacl\/"},{"@type":"ListItem","position":3,"name":"Mobilisation \u00e0 EACL"}]},{"@type":"WebSite","@id":"https:\/\/www.aecl.ca\/fr\/#website","url":"https:\/\/www.aecl.ca\/fr\/","name":"EACL","description":"\u00c9nergie atomique du Canada limit\u00e9e","publisher":{"@id":"https:\/\/www.aecl.ca\/fr\/#organization"},"potentialAction":[{"@type":"SearchAction","target":{"@type":"EntryPoint","urlTemplate":"https:\/\/www.aecl.ca\/fr\/?s={search_term_string}"},"query-input":{"@type":"PropertyValueSpecification","valueRequired":true,"valueName":"search_term_string"}}],"inLanguage":"fr-FR"},{"@type":"Organization","@id":"https:\/\/www.aecl.ca\/fr\/#organization","name":"Atomic Energy Canada Limited AECL","url":"https:\/\/www.aecl.ca\/fr\/","logo":{"@type":"ImageObject","inLanguage":"fr-FR","@id":"https:\/\/www.aecl.ca\/fr\/#\/schema\/logo\/image\/","url":"https:\/\/www.aecl.ca\/wp-content\/uploads\/2019\/01\/AECL-Stacked-Blue.png","contentUrl":"https:\/\/www.aecl.ca\/wp-content\/uploads\/2019\/01\/AECL-Stacked-Blue.png","width":1600,"height":560,"caption":"Atomic Energy Canada Limited AECL"},"image":{"@id":"https:\/\/www.aecl.ca\/fr\/#\/schema\/logo\/image\/"},"sameAs":["https:\/\/x.com\/AECL_EACL","https:\/\/www.linkedin.com\/company\/aecl"]}]}},"_links":{"self":[{"href":"https:\/\/www.aecl.ca\/fr\/wp-json\/wp\/v2\/pages\/120258","targetHints":{"allow":["GET"]}}],"collection":[{"href":"https:\/\/www.aecl.ca\/fr\/wp-json\/wp\/v2\/pages"}],"about":[{"href":"https:\/\/www.aecl.ca\/fr\/wp-json\/wp\/v2\/types\/page"}],"author":[{"embeddable":true,"href":"https:\/\/www.aecl.ca\/fr\/wp-json\/wp\/v2\/users\/5"}],"replies":[{"embeddable":true,"href":"https:\/\/www.aecl.ca\/fr\/wp-json\/wp\/v2\/comments?post=120258"}],"version-history":[{"count":0,"href":"https:\/\/www.aecl.ca\/fr\/wp-json\/wp\/v2\/pages\/120258\/revisions"}],"up":[{"embeddable":true,"href":"https:\/\/www.aecl.ca\/fr\/wp-json\/wp\/v2\/pages\/119741"}],"wp:attachment":[{"href":"https:\/\/www.aecl.ca\/fr\/wp-json\/wp\/v2\/media?parent=120258"}],"curies":[{"name":"wp","href":"https:\/\/api.w.org\/{rel}","templated":true}]}}